{"id":394,"date":"2022-06-20T20:48:12","date_gmt":"2022-06-20T18:48:12","guid":{"rendered":"https:\/\/ecole-ohara-lyon.com\/?page_id=394"},"modified":"2022-07-09T17:07:34","modified_gmt":"2022-07-09T15:07:34","slug":"lecole-ohara","status":"publish","type":"page","link":"https:\/\/ecole-ohara-lyon.com\/index.php\/lecole-ohara\/","title":{"rendered":"L&rsquo;\u00e9cole Ohara"},"content":{"rendered":"\n<p>Officiellement fond\u00e9e en 1895 &#8211; 28e ann\u00e9e de Meiji.<\/p>\n\n\n\n<div class=\"wp-block-group\"><div class=\"wp-block-group__inner-container is-layout-flow wp-block-group-is-layout-flow\">\n<div class=\"wp-block-columns is-layout-flex wp-container-core-columns-is-layout-9d6595d7 wp-block-columns-is-layout-flex\">\n<div class=\"wp-block-column is-layout-flow wp-block-column-is-layout-flow\"><\/div>\n<\/div>\n<\/div><\/div>\n\n\n\n<figure class=\"wp-block-image size-full is-resized\"><img loading=\"lazy\" decoding=\"async\" src=\"https:\/\/ecole-ohara-lyon.com\/wp-content\/uploads\/2022\/07\/01-UNSHIN-OHARA-1.jpg\" alt=\"\" class=\"wp-image-485\" width=\"163\" height=\"198\" srcset=\"https:\/\/ecole-ohara-lyon.com\/wp-content\/uploads\/2022\/07\/01-UNSHIN-OHARA-1.jpg 623w, https:\/\/ecole-ohara-lyon.com\/wp-content\/uploads\/2022\/07\/01-UNSHIN-OHARA-1-246x300.jpg 246w\" sizes=\"auto, (max-width: 163px) 100vw, 163px\" \/><\/figure>\n\n\n\n<p><strong><em>Unshin Ohara<\/em> <\/strong>(1861 &#8211; 1916), fondateur de l&rsquo;\u00e9cole d&rsquo;Ikebana <em>Ohara<\/em>, sculpteur de formation, il d\u00e9veloppe ses talents vers l&rsquo;ikebana. <em>Unshin<\/em> explore les champs et les montagnes de la r\u00e9gion d&rsquo;<em>Osaka-Kobe <\/em>et d\u00e9veloppe un style d&rsquo;ikebana pour exprimer la beaut\u00e9 des paysages naturels. Il cherche \u00e9galement des moyens d&rsquo;organiser les fleurs occidentales aux couleurs vives qui \u00e9taient import\u00e9es au Japon. Le r\u00e9sultat de ses efforts est le <em>Moribana<\/em>, la premi\u00e8re \u00e9tape de l&rsquo;ikebana moderne.<br><\/p>\n\n\n\n<figure class=\"wp-block-image size-full is-resized\"><img loading=\"lazy\" decoding=\"async\" src=\"https:\/\/ecole-ohara-lyon.com\/wp-content\/uploads\/2022\/06\/02-KOUN-OHARA.jpg\" alt=\"\" class=\"wp-image-401\" width=\"152\" height=\"186\" srcset=\"https:\/\/ecole-ohara-lyon.com\/wp-content\/uploads\/2022\/06\/02-KOUN-OHARA.jpg 634w, https:\/\/ecole-ohara-lyon.com\/wp-content\/uploads\/2022\/06\/02-KOUN-OHARA-246x300.jpg 246w\" sizes=\"auto, (max-width: 152px) 100vw, 152px\" \/><\/figure>\n\n\n\n<p><strong><em>Koun Ohara<\/em> <\/strong>(1880 &#8211; 1938) succ\u00e8de \u00e0 <em>Unshin<\/em> en 1916, il d\u00e9veloppe et \u00e9tabli des techniques pour l&rsquo;ensemble des <em>Moribana<\/em>. <em>Koun<\/em> organise des expositions d&rsquo;ikebana dans des lieux publics comme les grands magasins et travaille dur pour promouvoir et rendre populaire l\u2019ikebana de l\u2019\u00c9cole <em>Ohara<\/em>. Il accorde une attention particuli\u00e8re au d\u00e9veloppement des m\u00e9thodes p\u00e9dagogiques et \u00e0 la classification des styles <em>Moribana<\/em> et <em>Heika<\/em>. Pour l\u2019\u00c9cole Ohara, il innove et d\u00e9veloppe les&nbsp; \u00ab&nbsp;Paysage <em>Moribana<\/em>&nbsp;\u00bb et une repr\u00e9sentation du bord de l&rsquo;eau dans des arrangements de <em>mizu-mono<\/em>.<\/p>\n\n\n\n<figure class=\"wp-block-image size-full is-resized\"><img loading=\"lazy\" decoding=\"async\" src=\"https:\/\/ecole-ohara-lyon.com\/wp-content\/uploads\/2022\/06\/03-HOUN-OHARA.jpg\" alt=\"\" class=\"wp-image-402\" width=\"150\" height=\"183\" srcset=\"https:\/\/ecole-ohara-lyon.com\/wp-content\/uploads\/2022\/06\/03-HOUN-OHARA.jpg 591w, https:\/\/ecole-ohara-lyon.com\/wp-content\/uploads\/2022\/06\/03-HOUN-OHARA-246x300.jpg 246w\" sizes=\"auto, (max-width: 150px) 100vw, 150px\" \/><\/figure>\n\n\n\n<p><strong><em>Houn Ohara<\/em><\/strong> (1908 &#8211; 1995), troisi\u00e8me directeur, succ\u00e8de \u00e0 son p\u00e8re en 1938. Son exposition <em>Sangeiten<\/em> en 1946 marque les d\u00e9buts de l&rsquo;ikebana d&rsquo;avant-garde et cr\u00e9e une \u00e9norme sensation. Dans son exposition individuelle en 1949, \u00ab\u00a0Creations by <em>Houn Ohara<\/em>\u00ab\u00a0, le mot \u00ab\u00a0objet\u00a0\u00bb, un terme fran\u00e7ais issu de l&rsquo;art surr\u00e9aliste, est utilis\u00e9 pour la premi\u00e8re fois en ikebana. A travers de nombreuses expositions personnelles, il continue \u00e0 la pointe de l&rsquo;ikebana moderne avec une cr\u00e9ativit\u00e9 sans cesse renouvel\u00e9e. Au sein m\u00eame de l&rsquo;\u00e9cole, il s&rsquo;efforce d&rsquo;\u00e9largir et de syst\u00e9matiser l&rsquo;organisation. Il transforme l&rsquo;\u00e9cole Ohara en une organisation mondiale.<\/p>\n\n\n\n<figure class=\"wp-block-image size-full is-resized\"><img loading=\"lazy\" decoding=\"async\" src=\"https:\/\/ecole-ohara-lyon.com\/wp-content\/uploads\/2022\/06\/04-NATSUKI-OHARA.jpg\" alt=\"\" class=\"wp-image-403\" width=\"154\" height=\"187\" srcset=\"https:\/\/ecole-ohara-lyon.com\/wp-content\/uploads\/2022\/06\/04-NATSUKI-OHARA.jpg 590w, https:\/\/ecole-ohara-lyon.com\/wp-content\/uploads\/2022\/06\/04-NATSUKI-OHARA-246x300.jpg 246w\" sizes=\"auto, (max-width: 154px) 100vw, 154px\" \/><\/figure>\n\n\n\n<p><strong><em>Natsuki<\/em> <em>Ohara <\/em><\/strong>(1949 &#8211; 1992) devient directeur d\u00e9sign\u00e9 en 1972. P\u00e8re et fils organisent de nombreuses expositions conjointes et <em>Natsuki<\/em> incarne les espoirs et les attentes futurs de l&rsquo;\u00e9cole <em>Ohara<\/em>. Il cr\u00e9e <em>Hana-mai<\/em> et <em>Hana-isho<\/em>. On s&rsquo;attendait naturellement \u00e0 ce qu&rsquo;il succ\u00e8de \u00e0 son p\u00e8re, mais il est tomb\u00e9 malade et est d\u00e9c\u00e9d\u00e9 alors que <em>Houn<\/em> \u00e9tait encore directeur. <em>Natsuki<\/em> est nomm\u00e9 \u00e0 titre posthume quatri\u00e8me directeur.<\/p>\n\n\n\n<figure class=\"wp-block-image size-full is-resized\"><img loading=\"lazy\" decoding=\"async\" src=\"https:\/\/ecole-ohara-lyon.com\/wp-content\/uploads\/2022\/06\/05-HIROKI-OHARA.jpg\" alt=\"\" class=\"wp-image-404\" width=\"151\" height=\"183\" srcset=\"https:\/\/ecole-ohara-lyon.com\/wp-content\/uploads\/2022\/06\/05-HIROKI-OHARA.jpg 589w, https:\/\/ecole-ohara-lyon.com\/wp-content\/uploads\/2022\/06\/05-HIROKI-OHARA-246x300.jpg 246w\" sizes=\"auto, (max-width: 151px) 100vw, 151px\" \/><\/figure>\n\n\n\n<p>Au 21\u00e8me si\u00e8cle, l&rsquo;\u00e9cole <em>Ohara<\/em> accueille le jeune <strong><em>Hiroki Ohara<\/em><\/strong>, cinqui\u00e8me directeur . Les activit\u00e9s multiformes en ikebana d&rsquo;<em>Hiroki Ohara <\/em>sont observ\u00e9es et admir\u00e9es par divers cercles culturels et artistiques. En 2011, il cr\u00e9e le nouveau style <em>Hana-kanade<\/em>, qui exprime la beaut\u00e9 des \u00e9l\u00e9ments principaux qui se croisent et se d\u00e9placent vers l&rsquo;int\u00e9rieur \u00e0 partir de leurs points d&rsquo;insertion \u00e0 la base, en utilisant des mat\u00e9riaux librement choisis.<\/p>\n\n\n\n<p class=\"has-small-font-size\">in \u00ab\u00a0Ikebana for everybody\u00a0\u00bb &#8211; Ohara school &#8211; 2015<\/p>\n\n\n\n<div class=\"wp-block-buttons is-layout-flex wp-block-buttons-is-layout-flex\">\n<div class=\"wp-block-button\"><a class=\"wp-block-button__link\" href=\"https:\/\/ecole-ohara-lyon.com\/index.php\/a-propos-de\/\">Retour<\/a><\/div>\n<\/div>\n","protected":false},"excerpt":{"rendered":"<p>Officiellement fond\u00e9e en 1895 &#8211; 28e ann\u00e9e de Meiji. Unshin Ohara (1861 &#8211; 1916), fondateur de l&rsquo;\u00e9cole d&rsquo;Ikebana Ohara, sculpteur de formation, il d\u00e9veloppe ses talents vers l&rsquo;ikebana. Unshin explore les champs et les montagnes de la r\u00e9gion d&rsquo;Osaka-Kobe et &hellip; <a href=\"https:\/\/ecole-ohara-lyon.com\/index.php\/lecole-ohara\/\">Continuer la lecture <span class=\"meta-nav\">&rarr;<\/span><\/a><\/p>\n","protected":false},"author":1,"featured_media":0,"parent":0,"menu_order":0,"comment_status":"closed","ping_status":"closed","template":"","meta":{"footnotes":""},"class_list":["post-394","page","type-page","status-publish","hentry"],"_links":{"self":[{"href":"https:\/\/ecole-ohara-lyon.com\/index.php\/wp-json\/wp\/v2\/pages\/394","targetHints":{"allow":["GET"]}}],"collection":[{"href":"https:\/\/ecole-ohara-lyon.com\/index.php\/wp-json\/wp\/v2\/pages"}],"about":[{"href":"https:\/\/ecole-ohara-lyon.com\/index.php\/wp-json\/wp\/v2\/types\/page"}],"author":[{"embeddable":true,"href":"https:\/\/ecole-ohara-lyon.com\/index.php\/wp-json\/wp\/v2\/users\/1"}],"replies":[{"embeddable":true,"href":"https:\/\/ecole-ohara-lyon.com\/index.php\/wp-json\/wp\/v2\/comments?post=394"}],"version-history":[{"count":15,"href":"https:\/\/ecole-ohara-lyon.com\/index.php\/wp-json\/wp\/v2\/pages\/394\/revisions"}],"predecessor-version":[{"id":650,"href":"https:\/\/ecole-ohara-lyon.com\/index.php\/wp-json\/wp\/v2\/pages\/394\/revisions\/650"}],"wp:attachment":[{"href":"https:\/\/ecole-ohara-lyon.com\/index.php\/wp-json\/wp\/v2\/media?parent=394"}],"curies":[{"name":"wp","href":"https:\/\/api.w.org\/{rel}","templated":true}]}}